{"id":632,"date":"2020-01-15T07:38:34","date_gmt":"2020-01-15T07:38:34","guid":{"rendered":"http:\/\/koroshegyfem.hu\/?page_id=632"},"modified":"2020-01-15T12:59:16","modified_gmt":"2020-01-15T11:59:16","slug":"adatvedelmi-iranyelvek","status":"publish","type":"page","link":"https:\/\/koroshegyfem.hu\/index.php\/adatvedelmi-iranyelvek\/","title":{"rendered":"Adatv\u00e9delmi ir\u00e1nyelvek"},"content":{"rendered":"\n<p>A weboldalunk c\u00edme: https:\/\/koroshegyfem.hu.<\/p>\n\n\n\n<p><strong>Az adatkezel\u0151 el\u00e9rhet\u0151s\u00e9gei:<\/strong><\/p>\n\n\n\n<p><br><em><strong>K\u0151r\u00f6shegyf\u00e9m F\u00e9mipari \u00e9s Kereskedelmi Bet\u00e9ti T\u00e1rsas\u00e1g<\/strong><\/em><\/p>\n\n\n\n<p><em><strong>Sz\u00e9khely, postac\u00edm: 8617 K\u0151r\u00f6shegy, Pet\u0151fi u. 51.<\/strong><\/em><\/p>\n\n\n\n<p><em><strong>Telephely, \u00fczem: 8617 K\u0151r\u00f6shegy, 0175\/1 hrsz.<\/strong><\/em><\/p>\n\n\n\n<p><em><strong>Az \u00fczem GPS koordin\u00e1t\u00e1i: \u00c9 46,82612, K 17,89630<\/strong><\/em><\/p>\n\n\n\n<p><em><strong>Mobil: +36-30-92-77-417, &nbsp;+36-30-97-99-708<\/strong><\/em><\/p>\n\n\n\n<p><em><strong>E-mail: koroshegyfem@gmail.com<\/strong><\/em><\/p>\n\n\n\n<p> <strong>Ad\u00f3sz\u00e1m: 25257278-2-14 <\/strong><\/p>\n\n\n\n<p><strong>C\u00e9gjegyz\u00e9ksz\u00e1m: 14-06-303385 <\/strong><em><br> <br> <br> A koroshegyfem.hu, mint  kereskedelmi szolg\u00e1ltat\u00e1s K\u00f6telezetts\u00e9get v\u00e1llal arra, hogy a koroshegyfem.hu szolg\u00e1ltat\u00e1s\u00e1val kapcsolatos adatkezel\u00e9se megfelel a jelen szab\u00e1lyzatban \u00e9s a hat\u00e1lyos jogszab\u00e1lyokban meghat\u00e1rozott elv\u00e1r\u00e1soknak.<br> <br> A koroshegyfem.hu jelen adatv\u00e9delmi t\u00e1j\u00e9koztat\u00f3ja folyamatosan el\u00e9rhet\u0151 a http:\/\/koroshegyfem.hu\/adatvedelem c\u00edmen. Az \u00daj Ember fenntartja mag\u00e1nak a jogot jelen t\u00e1j\u00e9koztat\u00f3 b\u00e1rmikori megv\u00e1ltoztat\u00e1s\u00e1ra; az esetleges v\u00e1ltoz\u00e1sokr\u00f3l kell\u0151 id\u0151ben \u00e9rtes\u00edti felhaszn\u00e1l\u00f3it.<br> <br> Amennyiben \u00d6nnek mint a koroshegyfem.hu felhaszn\u00e1l\u00f3j\u00e1nak olyan k\u00e9rd\u00e9se lenne, mely jelen k\u00f6zlem\u00e9ny\u00fcnk alapj\u00e1n nem egy\u00e9rtelm\u0171, k\u00e9rj\u00fck \u00edrja meg nek\u00fcnk, \u00e9s koll\u00e9g\u00e1nk megv\u00e1laszolja k\u00e9rd\u00e9s\u00e9t.<br> <br> <strong>1.&nbsp;<\/strong>Fogalmak<br> <br> Felhaszn\u00e1l\u00f3: az a term\u00e9szetes szem\u00e9ly, jogi szem\u00e9ly vagy jogi szem\u00e9lyis\u00e9g n\u00e9lk\u00fcli szervezet, aki\/amely megtekinti, bel\u00e9p vagy b\u00e1rmely egy\u00e9b m\u00f3don ig\u00e9nybe veszi a Szolg\u00e1ltat\u00f3 \u00e1ltal \u00fczemeltetett weboldalt f\u00fcggetlen\u00fcl att\u00f3l, hogy err\u0151l nyilatkozik vagy sem.<br> <br> \u00dcgyf\u00e9l: az a term\u00e9szetes szem\u00e9ly, jogi szem\u00e9ly vagy jogi szem\u00e9lyis\u00e9g n\u00e9lk\u00fcli szervezet, aki\/amely v\u00e1s\u00e1rol a Szolg\u00e1ltat\u00f3 \u00e1ltal \u00fczemeltetett weboldalon f\u00fcggetlen\u00fcl att\u00f3l, hogy err\u0151l nyilatkozik vagy sem. Jelen \u00c1SZF \u00e9rtelmez\u00e9s\u00e9ben valamennyi \u00dcgyf\u00e9l egyben Felhaszn\u00e1l\u00f3nak is min\u0151s\u00fcl.<br> <br> <strong>2.&nbsp;<\/strong>A koroshegyfem.hu weboldalhoz kapcsol\u00f3d\u00f3 adatkezel\u00e9s jogalapja: a Felhaszn\u00e1l\u00f3 hozz\u00e1j\u00e1rul\u00e1sa.<br> <br> A kezelt adatok k\u00f6re: n\u00e9v, e-mail c\u00edm, sz\u00e1ml\u00e1z\u00e1si c\u00edm, sz\u00e1ll\u00edt\u00e1si c\u00edm, fizet\u00e9ssel kapcsolatos adatok, d\u00e1tum \u00e9s id\u0151pont, a v\u00e1s\u00e1rl\u00e1sok adatai, tov\u00e1bb\u00e1 az Felhaszn\u00e1l\u00f3 \u00e1ltal megadott egy\u00e9b szem\u00e9lyes adatok. Az adatok t\u00f6rl\u00e9s\u00e9nek hat\u00e1rideje: Felhaszn\u00e1l\u00f3 regisztr\u00e1ci\u00f3j\u00e1nak t\u00f6rl\u00e9s\u00e9vel azonnal, amennyiben nem v\u00e1s\u00e1rolt. Amennyiben Felhaszn\u00e1l\u00f3 v\u00e1s\u00e1rolt Szolg\u00e1ltat\u00f3 rendszer\u00e9ben, ezzel szerz\u0151d\u00e9s j\u00f6tt l\u00e9tre, \u00edgy a szem\u00e9lyes adatok t\u00f6rl\u00e9s\u00e9nek hat\u00e1rideje \u2013 a sz\u00e1mviteli szab\u00e1lyoknak megfelel\u0151en \u2013 az adott \u00e9vet k\u00f6vet\u0151 6. \u00e9v december 31-e.<br> <br> Emellett t\u00e1j\u00e9koztatjuk, hogy a k\u00fcl\u00f6nb\u00f6z\u0151 versenyeken, j\u00e1t\u00e9kokon, akci\u00f3kon, szavaz\u00e1sokon, rendezv\u00e9nyeken, vagy regisztr\u00e1ci\u00f3kon stb. r\u00e9szt vev\u0151k \u00e1ltal szem\u00e9lyesen, \u00edr\u00e1sban, telefonon, SMS-ben, interneten, e-mailben esetlegesen megadott szem\u00e9lyes adatok is nyilv\u00e1ntart\u00e1sunkba ker\u00fclnek.<br> <br> <strong>3.&nbsp;<\/strong>A szem\u00e9lyes adatok t\u00f6rl\u00e9s\u00e9t, vagy m\u00f3dos\u00edt\u00e1s\u00e1t az al\u00e1bbi m\u00f3dokon lehet kezdem\u00e9nyezni:<br> <br> <strong>a)<\/strong>&nbsp;&nbsp;&nbsp; postai \u00faton: 8617 K\u0151r\u00f6shegy, Pet\u0151fi u. 51..<br> <strong>b)<\/strong>&nbsp;&nbsp;&nbsp; e-mail \u00fatj\u00e1n az koroshegyfem@gmail.com -on<br> <br> <strong>4.<\/strong>&nbsp;Az adatkezel\u00e9s nyilv\u00e1ntart\u00e1si sz\u00e1ma a koroshegyfem.hu-n: folyamatban<br> <br> <strong>5.<\/strong>&nbsp;Felhaszn\u00e1l\u00f3 a regisztr\u00e1ci\u00f3j\u00e1val hozz\u00e1j\u00e1rul a szem\u00e9lyes adatai kezel\u00e9s\u00e9hez, jelen fejezetben meghat\u00e1rozott c\u00e9lb\u00f3l \u00e9s tartalommal.<br> <br> <strong>6.<\/strong>&nbsp;A regisztr\u00e1ci\u00f3 sor\u00e1n Felhaszn\u00e1l\u00f3 elfogadja, hogy Szolg\u00e1ltat\u00f3 technikai \u00e9s t\u00e1j\u00e9koztat\u00f3 elektronikus \u00fczenetet (a tov\u00e1bbiakban: Rendszer\u00fczentek) k\u00fcldhet sz\u00e1m\u00e1ra \u2013 melyek esetenk\u00e9nt a v\u00e1s\u00e1rl\u00e1ssal \/ rendel\u00e9ssel kapcsolatban k\u00f6z\u00f6lnek inform\u00e1ci\u00f3kat. Felhaszn\u00e1l\u00f3 tudom\u00e1sul veszi, hogy a Rendszer\u00fczenetek fogad\u00e1sa a regisztr\u00e1ci\u00f3 felt\u00e9tele.<br> <br> <strong>7.<\/strong>&nbsp;A regisztr\u00e1ci\u00f3 sor\u00e1n Felhaszn\u00e1l\u00f3nak lehet\u0151s\u00e9ge van elfogadni Szolg\u00e1ltat\u00f3 direkt marketing szolg\u00e1ltat\u00e1sait, melynek keret\u00e9ben a regisztr\u00e1ci\u00f3 sor\u00e1n megadott e-mail c\u00edm\u00e9re, vagy telefonsz\u00e1m\u00e1ra kap marketing \u00e9s rekl\u00e1m tartalm\u00fa \u00fczeneteket.<br> <br> <strong>8.<\/strong>&nbsp;T\u00e1j\u00e9koztatjuk Felhaszn\u00e1l\u00f3inkat, hogy a b\u00edr\u00f3s\u00e1g, az \u00fcgy\u00e9sz, a nyomoz\u00f3 hat\u00f3s\u00e1g, a szab\u00e1lys\u00e9rt\u00e9si hat\u00f3s\u00e1g, a k\u00f6zigazgat\u00e1si hat\u00f3s\u00e1g, az adatv\u00e9delmi biztos illet\u0151leg jogszab\u00e1ly felhatalmaz\u00e1sa alapj\u00e1n m\u00e1s szervek t\u00e1j\u00e9koztat\u00e1s ad\u00e1sa, adatok k\u00f6zl\u00e9se, \u00e1tad\u00e1sa, illet\u0151leg iratok rendelkez\u00e9sre bocs\u00e1t\u00e1sa v\u00e9gett megkereshetik a Szolg\u00e1ltat\u00f3t.<br> <br> <strong>9.<\/strong>&nbsp;Szolg\u00e1ltat\u00f3 a hat\u00f3s\u00e1gok r\u00e9sz\u00e9re \u2013 amennyiben a hat\u00f3s\u00e1g a pontos c\u00e9lt \u00e9s az adatok k\u00f6r\u00e9t megjel\u00f6lte \u2013 szem\u00e9lyes adatot csak annyit \u00e9s olyan m\u00e9rt\u00e9kben ad ki, amely a megkeres\u00e9s c\u00e9lj\u00e1nak megval\u00f3s\u00edt\u00e1s\u00e1hoz elengedhetetlen\u00fcl sz\u00fcks\u00e9ges.<br> <br> <strong>10.<\/strong>&nbsp;A Szolg\u00e1ltat\u00f3 a Hirdet\u0151k \u00e1ltal \u00e1tadott, a Szolg\u00e1ltat\u00e1s teljes\u00edt\u00e9s\u00e9hez sz\u00fcks\u00e9ges adatokat, inform\u00e1ci\u00f3kat az inform\u00e1ci\u00f3s \u00f6nrendelkez\u00e9si jogr\u00f3l \u00e9s az inform\u00e1ci\u00f3szabads\u00e1gr\u00f3lsz\u00f3l\u00f3 2011. \u00e9vi CXII. t\u00f6rv\u00e9ny, valamint a szem\u00e9lyes adatok g\u00e9pi feldolgoz\u00e1sa sor\u00e1n az egy\u00e9nek v\u00e9delm\u00e9r\u0151l, Strasbourgban, 1981. janu\u00e1r 28. napj\u00e1n kelt Egyezm\u00e9ny el\u0151\u00edr\u00e1sainak megfelel\u0151en kezeli.<br> <br> <strong>11.<\/strong>&nbsp;A Szolg\u00e1ltat\u00f3 minden sz\u00fcks\u00e9ges biztons\u00e1gi l\u00e9p\u00e9st, szervez\u00e9si \u00e9s technikai int\u00e9zked\u00e9st megtesz a szem\u00e9lyes adatok legmagasabb szint\u0171 biztons\u00e1ga, illetve azok jogosulatlan megv\u00e1ltoztat\u00e1s\u00e1nak, megsemmis\u00edt\u00e9s\u00e9nek \u00e9s felhaszn\u00e1l\u00e1s\u00e1nak megakad\u00e1lyoz\u00e1sa \u00e9rdek\u00e9ben.<br> <br> <strong>12.<\/strong>&nbsp;A Szolg\u00e1ltat\u00f3 minden sz\u00fcks\u00e9ges int\u00e9zked\u00e9st megtesz az adatintegrit\u00e1s biztos\u00edt\u00e1sa \u00e9rdek\u00e9ben, azaz az \u00e1ltala kezelt \u00e9s\/vagy feldolgozott szem\u00e9lyes adatok pontoss\u00e1ga, teljess\u00e9ge, valamint naprak\u00e9sz \u00e1llapota \u00e9rdek\u00e9ben. A megadott adatok t\u00f6bbs\u00e9g\u00e9nek m\u00f3dos\u00edt\u00e1s\u00e1t a Weboldalon el lehet v\u00e9gezni. A Szolg\u00e1ltat\u00f3 a Szolg\u00e1ltat\u00e1s ny\u00fajt\u00e1s\u00e1nak, valamint az azzal kapcsolatos k\u00f6vetel\u00e9sek \u00e9rv\u00e9nyes\u00edt\u00e9se c\u00e9lj\u00e1b\u00f3l kezeli a Felhaszn\u00e1l\u00f3k szem\u00e9lyes adatait, kiz\u00e1r\u00f3lag az ahhoz sz\u00fcks\u00e9ges m\u00e9rt\u00e9kben \u00e9s ideig. Az adatkezel\u00e9s minden szakasz\u00e1ban megfelel e c\u00e9lnak. Kezeli tov\u00e1bb\u00e1 azokat a szem\u00e9lyes adatokat, amelyek a Szolg\u00e1ltat\u00e1s ny\u00fajt\u00e1s\u00e1hoz technikailag felt\u00e9tlen\u00fcl sz\u00fcks\u00e9gesek. Amennyiben a szem\u00e9lyes adat felv\u00e9tel\u00e9re a Felhaszn\u00e1l\u00f3 hozz\u00e1j\u00e1rul\u00e1s\u00e1val ker\u00fclt sor, a Szolg\u00e1ltat\u00f3 a felvett adatokat t\u00f6rv\u00e9ny elt\u00e9r\u0151 rendelkez\u00e9s\u00e9nek hi\u00e1ny\u00e1ban<br> <br> <strong>a)&nbsp;<\/strong>&nbsp; a r\u00e1 vonatkoz\u00f3 jogi k\u00f6telezetts\u00e9g teljes\u00edt\u00e9se c\u00e9lj\u00e1b\u00f3l, vagy<br> <strong>b)<\/strong>&nbsp;&nbsp; Szolg\u00e1ltat\u00f3 vagy harmadik szem\u00e9ly jogos \u00e9rdek\u00e9nek \u00e9rv\u00e9nyes\u00edt\u00e9se c\u00e9lj\u00e1b\u00f3l, ha ezen \u00e9rdek \u00e9rv\u00e9nyes\u00edt\u00e9se a szem\u00e9lyes adatok v\u00e9delm\u00e9hez f\u0171z\u0151d\u0151 jog korl\u00e1toz\u00e1s\u00e1val ar\u00e1nyban \u00e1ll, tov\u00e1bbi k\u00fcl\u00f6n hozz\u00e1j\u00e1rul\u00e1s n\u00e9lk\u00fcl, valamint az \u00dcgyf\u00e9l hozz\u00e1j\u00e1rul\u00e1s\u00e1nak visszavon\u00e1s\u00e1t k\u00f6vet\u0151en is kezelheti.<br> <br> <strong>13.<\/strong>&nbsp;A Felhaszn\u00e1l\u00f3kr\u00f3l a Szolg\u00e1ltat\u00f3 ezen fel\u00fcl csak olyan inform\u00e1ci\u00f3kat gy\u0171jt (IP-c\u00edm, felhaszn\u00e1l\u00e1s id\u0151pontja, megtekintett weboldalak, b\u00f6ng\u00e9sz\u0151program, valamint a b\u00f6ng\u00e9sz\u0151 egyedi azonos\u00edt\u00e1s\u00e1t lehet\u0151v\u00e9 t\u00e9v\u0151 egy vagy t\u00f6bb cookie), amelyeket kiz\u00e1r\u00f3lag a Szolg\u00e1ltat\u00e1sok fejleszt\u00e9se \u00e9s fenntart\u00e1sa \u00e9rdek\u00e9ben, illetve piackutat\u00e1si c\u00e9lokra haszn\u00e1l fel. A Szolg\u00e1ltat\u00f3 ezen statisztikai c\u00e9lokb\u00f3l feldolgozott adatokat kiz\u00e1r\u00f3lag szem\u00e9lyes azonos\u00edt\u00e1sra alkalmatlan form\u00e1ban haszn\u00e1lja fel. A Szolg\u00e1ltat\u00f3 a Szolg\u00e1ltat\u00e1sok min\u0151s\u00e9g\u00e9nek jav\u00edt\u00e1sa \u00e9rdek\u00e9ben a Felhaszn\u00e1l\u00f3 sz\u00e1m\u00edt\u00f3g\u00e9p\u00e9n egy-egy karaktersorozatot tartalmaz\u00f3 f\u00e1jlt, \u00fan. cookie-t helyez el, amennyiben ehhez a Felhaszn\u00e1l\u00f3 hozz\u00e1j\u00e1rul.<br> <br> <strong>14.<\/strong>&nbsp;Szolg\u00e1ltat\u00f3 az \u00e1ltala kezelt szem\u00e9lyes adatokat harmadik szem\u00e9ly r\u00e9sz\u00e9re csak Szolg\u00e1ltat\u00f3 egyes \u2013 a Felhaszn\u00e1l\u00f3 \u00e1ltal haszn\u00e1lt \u2013 szolg\u00e1ltat\u00e1sainak fejleszt\u00e9se \u00e9s\/vagy m\u0171k\u00f6dtet\u00e9se \u00e9rdek\u00e9ben tov\u00e1bb\u00edtja. A Szolg\u00e1ltat\u00f3 az \u00e1ltala kezelt szem\u00e9lyes adatokat harmadik szem\u00e9ly c\u00e9ljainak \u00e9rdek\u00e9ben nem haszn\u00e1lja fel, \u00e9s azokkal semmilyen egy\u00e9b m\u00f3don nem \u00e9l vissza.A Weboldal k\u00fcls\u0151 (nem a Szolg\u00e1ltat\u00f3 \u00e1ltal kezelt) szerverre mutat\u00f3 hivatkoz\u00e1sokat is tartalmaz, ezen linkeken el\u00e9rhet\u0151 oldalak esetleg elhelyezhetik saj\u00e1t cookie vagy egy\u00e9b f\u00e1jljaikat a sz\u00e1m\u00edt\u00f3g\u00e9pen, adatokat gy\u0171jthetnek, vagy szem\u00e9lyes adatokat k\u00e9rhetnek. Ezek\u00e9rt Szolg\u00e1ltat\u00f3 minden felel\u0151ss\u00e9g\u00e9t kiz\u00e1rja.<br> <br> <strong>15.<\/strong>&nbsp;A Szolg\u00e1ltat\u00e1s ig\u00e9nybev\u00e9tel\u00e9vel a Felhaszn\u00e1l\u00f3 \u00e9s a \u00dcgyf\u00e9l hozz\u00e1j\u00e1rul ahhoz, hogy a jelen nyilatkozatban le\u00edrt m\u00f3don, c\u00e9lb\u00f3l \u00e9s terjedelemben a Szolg\u00e1ltat\u00f3 \u00f6sszegy\u0171jtse \u00e9s kezelje szem\u00e9lyes adatait. E k\u00f6rben \u00dcgyf\u00e9l tudom\u00e1sul veszi, hogy v\u00e1s\u00e1rl\u00e1s csak akkor val\u00f3s\u00edthat\u00f3 meg, ha az \u00dcgyf\u00e9l a Szolg\u00e1ltat\u00f3 r\u00e9sz\u00e9re megadja a nev\u00e9t\/c\u00e9gnev\u00e9t, c\u00edm\u00e9t\/sz\u00e9khely\u00e9t, ennek hi\u00e1ny\u00e1ban lak\u00f3hely\u00e9t, tov\u00e1bb\u00e1 az ad\u00f3sz\u00e1m\u00e1t, valamint mindazon adatait, amelyek a hat\u00e1lyos t\u00f6rv\u00e9nyi szab\u00e1lyoz\u00e1s alapj\u00e1n a szolg\u00e1ltat\u00e1s megfelel\u0151 lebonyol\u00edt\u00e1s\u00e1hoz sz\u00fcks\u00e9gesek. Az adatszolg\u00e1ltat\u00e1s minden esetben \u00f6nk\u00e9ntes. A Szolg\u00e1ltat\u00f3 az adatokat megfelel\u0151 int\u00e9zked\u00e9sekkel v\u00e9di, k\u00fcl\u00f6n\u00f6sen a jogosulatlan hozz\u00e1f\u00e9r\u00e9s, megv\u00e1ltoztat\u00e1s, tov\u00e1bb\u00edt\u00e1s, nyilv\u00e1noss\u00e1gra hozatal, t\u00f6rl\u00e9s vagy megsemmis\u00edt\u00e9s, valamint a v\u00e9letlen megsemmis\u00fcl\u00e9s, s\u00e9r\u00fcl\u00e9s, tov\u00e1bb\u00e1 az alkalmazott technika megv\u00e1ltoz\u00e1s\u00e1b\u00f3l fakad\u00f3 hozz\u00e1f\u00e9rhetetlenn\u00e9 v\u00e1l\u00e1s ellen. A Szolg\u00e1ltat\u00f3 ez\u00e9rt fenntartja a jogot, hogy amennyiben \u00fcgyfelei vagy partnerei r\u00e9sz\u00e9r\u0151l a rendszer\u00e9ben biztons\u00e1gi r\u00e9st \u00e9rz\u00e9kel, akkor azokr\u00f3l az \u00fcgyfeleit \u00e9s partnereit t\u00e1j\u00e9koztassa, \u00e9s ezzel egyidej\u0171leg a biztons\u00e1gi r\u00e9s megsz\u00fcntet\u00e9s\u00e9ig a Szolg\u00e1ltat\u00f3 rendszer\u00e9hez, szolg\u00e1ltat\u00e1saihoz val\u00f3 hozz\u00e1f\u00e9r\u00e9s\u00e9t korl\u00e1tozza.<br> <br> <strong>16.<\/strong>&nbsp;A Felhaszn\u00e1l\u00f3 ingyenesen t\u00e1j\u00e9koztat\u00e1st k\u00e9rhet szem\u00e9lyes adatai kezel\u00e9s\u00e9r\u0151l, valamint k\u00e9rheti szem\u00e9lyes adatainak helyesb\u00edt\u00e9s\u00e9t, illetve \u2013 a jogszab\u00e1lyban elrendelt adatkezel\u00e9sek kiv\u00e9tel\u00e9vel \u2013 t\u00f6rl\u00e9s\u00e9t az adatfelv\u00e9tel\u00e9n\u00e9l jelzett m\u00f3don, illetve Szolg\u00e1ltat\u00f3 felt\u00fcntetett el\u00e9rhet\u0151s\u00e9gein.<br> <br> <strong>17.<\/strong>&nbsp;Felhaszn\u00e1l\u00f3 k\u00e9relm\u00e9re Szolg\u00e1ltat\u00f3 t\u00e1j\u00e9koztat\u00e1st ad az \u00e1ltala kezelt adatokr\u00f3l, azok forr\u00e1s\u00e1r\u00f3l, az adatkezel\u00e9s c\u00e9lj\u00e1r\u00f3l, jogalapj\u00e1r\u00f3l, id\u0151tartam\u00e1r\u00f3l. Szolg\u00e1ltat\u00f3 a k\u00e9relem beny\u00fajt\u00e1s\u00e1t\u00f3l sz\u00e1m\u00edtott legr\u00f6videbb id\u0151 alatt, legfeljebb azonban 30 napon bel\u00fcl \u00edr\u00e1sban, k\u00f6z\u00e9rthet\u0151 form\u00e1ban adja meg a t\u00e1j\u00e9koztat\u00e1st.<br> <br> <strong>18.<\/strong>&nbsp;Szolg\u00e1ltat\u00f3 a szem\u00e9lyes adatot helyesb\u00edti, ha az a val\u00f3s\u00e1gnak nem felel meg, \u00e9s a val\u00f3s\u00e1gnak megfelel\u0151 szem\u00e9lyes adat a rendelkez\u00e9s\u00e9re \u00e1ll.<br> <br> <strong>19.<\/strong>&nbsp;Szolg\u00e1ltat\u00f3 z\u00e1rolja a szem\u00e9lyes adatot, ha a Felhaszn\u00e1l\u00f3 ezt k\u00e9ri, vagy ha a rendelkez\u00e9s\u00e9re \u00e1ll\u00f3 inform\u00e1ci\u00f3k alapj\u00e1n felt\u00e9telezhet\u0151, hogy a t\u00f6rl\u00e9s s\u00e9rten\u00e9 a Felhaszn\u00e1l\u00f3 jogos \u00e9rdekeit. A z\u00e1rolt szem\u00e9lyes adat kiz\u00e1r\u00f3lag addig kezelhet\u0151, ameddig fenn\u00e1ll az az adatkezel\u00e9si c\u00e9l, amely a szem\u00e9lyes adat t\u00f6rl\u00e9s\u00e9t kiz\u00e1rta.<br> <br> <strong>20.<\/strong>&nbsp;Szolg\u00e1ltat\u00f3 t\u00f6rli a szem\u00e9lyes adatot, ha kezel\u00e9se jogellenes, az Felhaszn\u00e1l\u00f3 k\u00e9ri, a kezelt adat hi\u00e1nyos vagy t\u00e9ves \u2013 \u00e9s ez az \u00e1llapot jogszer\u0171en nem orvosolhat\u00f3 \u2013, felt\u00e9ve, hogy a t\u00f6rl\u00e9st t\u00f6rv\u00e9ny nem z\u00e1rja ki, az adatkezel\u00e9s c\u00e9lja megsz\u0171nt, vagy az adatok t\u00e1rol\u00e1s\u00e1nak t\u00f6rv\u00e9nyben meghat\u00e1rozott hat\u00e1rideje lej\u00e1rt, azt a b\u00edr\u00f3s\u00e1g vagy a Nemzeti Adatv\u00e9delmi \u00e9s Inform\u00e1ci\u00f3szabads\u00e1g Hat\u00f3s\u00e1g elrendelte.<br> <br> <strong>21.<\/strong>&nbsp;A szem\u00e9lyes adatok t\u00f6rl\u00e9s\u00e9re, z\u00e1rol\u00e1s\u00e1ra, helyesb\u00edt\u00e9s\u00e9re 30 nap \u00e1ll az adatkezel\u0151 rendelkez\u00e9s\u00e9re. Amennyiben Szolg\u00e1ltat\u00f3 az \u00dcgyf\u00e9l helyesb\u00edt\u00e9s, z\u00e1rol\u00e1s vagy t\u00f6rl\u00e9s ir\u00e1nti ig\u00e9ny\u00e9t nem teljes\u00edti, 30 napon bel\u00fcl \u00edr\u00e1sban k\u00f6zli az elutas\u00edt\u00e1s indokait.<br> <br> <strong>22.<\/strong>&nbsp;Szolg\u00e1ltat\u00f3 a helyesb\u00edt\u00e9sr\u0151l, a z\u00e1rol\u00e1sr\u00f3l \u00e9s a t\u00f6rl\u00e9sr\u0151l az \u00dcgyfelet, tov\u00e1bb\u00e1 mindazokat \u00e9rtes\u00edti, akiknek kor\u00e1bban az adatot adatkezel\u00e9s c\u00e9lj\u00e1ra tov\u00e1bb\u00edtotta. Az \u00e9rtes\u00edt\u00e9st mell\u0151zi, ha ez az adatkezel\u00e9s c\u00e9lj\u00e1ra val\u00f3 tekintettel a Felhaszn\u00e1l\u00f3 jogos \u00e9rdek\u00e9t nem s\u00e9rti.<br> <br> <strong>23.<\/strong>&nbsp;Felhaszn\u00e1l\u00f3 tiltakozhat szem\u00e9lyes adat\u00e1nak kezel\u00e9se ellen, ha<br> <br> <strong>a)&nbsp;<\/strong>&nbsp;&nbsp; a szem\u00e9lyes adatok kezel\u00e9se vagy tov\u00e1bb\u00edt\u00e1sa kiz\u00e1r\u00f3lag a Szolg\u00e1ltat\u00f3ra vonatkoz\u00f3 jogi k\u00f6telezetts\u00e9g teljes\u00edt\u00e9s\u00e9hez, vagy az Szolg\u00e1ltat\u00f3, adat\u00e1tvev\u0151 vagy harmadik szem\u00e9ly jogos \u00e9rdek\u00e9nek \u00e9rv\u00e9nyes\u00edt\u00e9s\u00e9hez sz\u00fcks\u00e9ges, kiv\u00e9ve, ha az adatkezel\u00e9st t\u00f6rv\u00e9ny rendelte el;<br> <br> <strong>b)&nbsp;<\/strong>&nbsp;&nbsp; a szem\u00e9lyes adat felhaszn\u00e1l\u00e1sa vagy tov\u00e1bb\u00edt\u00e1sa k\u00f6zvetlen \u00fczletszerz\u00e9s, k\u00f6zv\u00e9lem\u00e9ny-kutat\u00e1s vagy tudom\u00e1nyos kutat\u00e1s c\u00e9lj\u00e1ra t\u00f6rt\u00e9nik;<br> <br> <strong>c)&nbsp;<\/strong>&nbsp;&nbsp; t\u00f6rv\u00e9nyben meghat\u00e1rozott egy\u00e9b esetben.<br> <br> <strong>24.<\/strong>&nbsp;Szolg\u00e1ltat\u00f3 a tiltakoz\u00e1st a k\u00e9relem beny\u00fajt\u00e1s\u00e1t\u00f3l sz\u00e1m\u00edtott legr\u00f6videbb id\u0151n bel\u00fcl, de legfeljebb 15 nap alatt megvizsg\u00e1lja, annak megalapozotts\u00e1ga k\u00e9rd\u00e9s\u00e9ben d\u00f6nt\u00e9st hoz, \u00e9s d\u00f6nt\u00e9s\u00e9r\u0151l a k\u00e9relmez\u0151t \u00edr\u00e1sban t\u00e1j\u00e9koztatja.<br> <br> Ha a Szolg\u00e1ltat\u00f3 az \u00e9rintett tiltakoz\u00e1s\u00e1nak megalapozotts\u00e1g\u00e1t meg\u00e1llap\u00edtja, az adatkezel\u00e9st \u2013 bele\u00e9rtve a tov\u00e1bbi adatfelv\u00e9telt \u00e9s adattov\u00e1bb\u00edt\u00e1st is \u2013 megsz\u00fcnteti, \u00e9s az adatokat z\u00e1rolja, valamint a tiltakoz\u00e1sr\u00f3l, tov\u00e1bb\u00e1 az annak alapj\u00e1n tett int\u00e9zked\u00e9sekr\u0151l \u00e9rtes\u00edti mindazokat, akik r\u00e9sz\u00e9re a tiltakoz\u00e1ssal \u00e9rintett szem\u00e9lyes adatot kor\u00e1bban tov\u00e1bb\u00edtotta, \u00e9s akik k\u00f6telesek int\u00e9zkedni a tiltakoz\u00e1si jog \u00e9rv\u00e9nyes\u00edt\u00e9se \u00e9rdek\u00e9ben.<br> <br> <strong>25.<\/strong>&nbsp;Amennyiben a Felhaszn\u00e1l\u00f3 Szolg\u00e1ltat\u00f3nak a meghozott d\u00f6nt\u00e9s\u00e9vel nem \u00e9rt egyet, az ellen \u2013 annak k\u00f6zl\u00e9s\u00e9t\u0151l sz\u00e1m\u00edtott 30 napon bel\u00fcl \u2013 b\u00edr\u00f3s\u00e1ghoz fordulhat.<br> <br> <strong>26.<\/strong>&nbsp;Felhaszn\u00e1l\u00f3 a jogainak megs\u00e9rt\u00e9se eset\u00e9n Szolg\u00e1ltat\u00f3 ellen b\u00edr\u00f3s\u00e1ghoz fordulhat. A b\u00edr\u00f3s\u00e1g az \u00fcgyben soron k\u00edv\u00fcl j\u00e1r el. Jogorvoslati lehet\u0151s\u00e9ggel, panasszal a Nemzeti Adatv\u00e9delmi \u00e9s Inform\u00e1ci\u00f3szabads\u00e1g Hat\u00f3s\u00e1gn\u00e1l lehet \u00e9lni:<br> <br> &nbsp;&nbsp;&nbsp; Sz\u00e9khely: 8617 K\u0151r\u00f6shegy, Pet\u0151fi u. 51<br> &nbsp;&nbsp;&nbsp; Telefon: +36 30-92-77-417<br> &nbsp;&nbsp;&nbsp; <br> &nbsp;&nbsp;&nbsp; E-mail: koroshegyfem@gmail.com<br> <br> &nbsp;<br> <br> K\u0151r\u00f6shegy, 2017. 02.02.<\/em><\/p>\n","protected":false},"excerpt":{"rendered":"<p>A weboldalunk c\u00edme: https:\/\/koroshegyfem.hu. Az adatkezel\u0151 el\u00e9rhet\u0151s\u00e9gei: K\u0151r\u00f6shegyf\u00e9m F\u00e9mipari \u00e9s Kereskedelmi Bet\u00e9ti T\u00e1rsas\u00e1g Sz\u00e9khely, postac\u00edm: 8617 K\u0151r\u00f6shegy, Pet\u0151fi u. 51. Telephely, \u00fczem: [&hellip;]<\/p>\n","protected":false},"author":1,"featured_media":0,"parent":0,"menu_order":0,"comment_status":"closed","ping_status":"closed","template":"page-templates\/page_fullwidth.php","meta":{"footnotes":""},"class_list":["post-632","page","type-page","status-publish","hentry"],"yoast_head":"<!-- This site is optimized with the Yoast SEO plugin v26.7 - https:\/\/yoast.com\/wordpress\/plugins\/seo\/ -->\n<title>Adatv\u00e9delmi ir\u00e1nyelvek - K\u0151r\u00f6shegyf\u00e9m Bt.<\/title>\n<meta name=\"description\" content=\"A ker\u00edt\u00e9spark 3D ker\u00edt\u00e9selemek, betonl\u00e1bazat, oszlopok, kieg\u00e9sz\u00edt\u0151k, tekercses dr\u00f3tfonatok \u00e9s kapuk\u00e9sz\u00edt\u00e9ssel foglalkozik.\" \/>\n<meta name=\"robots\" content=\"index, follow, max-snippet:-1, max-image-preview:large, max-video-preview:-1\" \/>\n<link rel=\"canonical\" href=\"https:\/\/koroshegyfem.hu\/index.php\/adatvedelmi-iranyelvek\/\" \/>\n<meta property=\"og:locale\" content=\"hu_HU\" \/>\n<meta property=\"og:type\" content=\"article\" \/>\n<meta property=\"og:title\" content=\"Adatv\u00e9delmi ir\u00e1nyelvek - K\u0151r\u00f6shegyf\u00e9m Bt.\" \/>\n<meta property=\"og:description\" content=\"A ker\u00edt\u00e9spark 3D ker\u00edt\u00e9selemek, betonl\u00e1bazat, oszlopok, kieg\u00e9sz\u00edt\u0151k, tekercses dr\u00f3tfonatok \u00e9s kapuk\u00e9sz\u00edt\u00e9ssel foglalkozik.\" \/>\n<meta property=\"og:url\" content=\"https:\/\/koroshegyfem.hu\/index.php\/adatvedelmi-iranyelvek\/\" \/>\n<meta property=\"og:site_name\" content=\"K\u0151r\u00f6shegyf\u00e9m Bt.\" \/>\n<meta property=\"article:modified_time\" content=\"2020-01-15T11:59:16+00:00\" \/>\n<meta name=\"twitter:card\" content=\"summary_large_image\" \/>\n<meta name=\"twitter:label1\" content=\"Becs\u00fclt olvas\u00e1si id\u0151\" \/>\n\t<meta name=\"twitter:data1\" content=\"13 perc\" \/>\n<script type=\"application\/ld+json\" class=\"yoast-schema-graph\">{\"@context\":\"https:\/\/schema.org\",\"@graph\":[{\"@type\":\"WebPage\",\"@id\":\"https:\/\/koroshegyfem.hu\/index.php\/adatvedelmi-iranyelvek\/\",\"url\":\"https:\/\/koroshegyfem.hu\/index.php\/adatvedelmi-iranyelvek\/\",\"name\":\"Adatv\u00e9delmi ir\u00e1nyelvek - K\u0151r\u00f6shegyf\u00e9m Bt.\",\"isPartOf\":{\"@id\":\"https:\/\/koroshegyfem.hu\/#website\"},\"datePublished\":\"2020-01-15T07:38:34+00:00\",\"dateModified\":\"2020-01-15T11:59:16+00:00\",\"description\":\"A ker\u00edt\u00e9spark 3D ker\u00edt\u00e9selemek, betonl\u00e1bazat, oszlopok, kieg\u00e9sz\u00edt\u0151k, tekercses dr\u00f3tfonatok \u00e9s kapuk\u00e9sz\u00edt\u00e9ssel foglalkozik.\",\"breadcrumb\":{\"@id\":\"https:\/\/koroshegyfem.hu\/index.php\/adatvedelmi-iranyelvek\/#breadcrumb\"},\"inLanguage\":\"hu\",\"potentialAction\":[{\"@type\":\"ReadAction\",\"target\":[\"https:\/\/koroshegyfem.hu\/index.php\/adatvedelmi-iranyelvek\/\"]}]},{\"@type\":\"BreadcrumbList\",\"@id\":\"https:\/\/koroshegyfem.hu\/index.php\/adatvedelmi-iranyelvek\/#breadcrumb\",\"itemListElement\":[{\"@type\":\"ListItem\",\"position\":1,\"name\":\"Kezd\u0151lap\",\"item\":\"https:\/\/koroshegyfem.hu\/\"},{\"@type\":\"ListItem\",\"position\":2,\"name\":\"Adatv\u00e9delmi ir\u00e1nyelvek\"}]},{\"@type\":\"WebSite\",\"@id\":\"https:\/\/koroshegyfem.hu\/#website\",\"url\":\"https:\/\/koroshegyfem.hu\/\",\"name\":\"K\u0151r\u00f6shegyf\u00e9m Bt.\",\"description\":\"8617 K\u00f6r\u00f6shegy\",\"potentialAction\":[{\"@type\":\"SearchAction\",\"target\":{\"@type\":\"EntryPoint\",\"urlTemplate\":\"https:\/\/koroshegyfem.hu\/?s={search_term_string}\"},\"query-input\":{\"@type\":\"PropertyValueSpecification\",\"valueRequired\":true,\"valueName\":\"search_term_string\"}}],\"inLanguage\":\"hu\"}]}<\/script>\n<!-- \/ Yoast SEO plugin. -->","yoast_head_json":{"title":"Adatv\u00e9delmi ir\u00e1nyelvek - K\u0151r\u00f6shegyf\u00e9m Bt.","description":"A ker\u00edt\u00e9spark 3D ker\u00edt\u00e9selemek, betonl\u00e1bazat, oszlopok, kieg\u00e9sz\u00edt\u0151k, tekercses dr\u00f3tfonatok \u00e9s kapuk\u00e9sz\u00edt\u00e9ssel foglalkozik.","robots":{"index":"index","follow":"follow","max-snippet":"max-snippet:-1","max-image-preview":"max-image-preview:large","max-video-preview":"max-video-preview:-1"},"canonical":"https:\/\/koroshegyfem.hu\/index.php\/adatvedelmi-iranyelvek\/","og_locale":"hu_HU","og_type":"article","og_title":"Adatv\u00e9delmi ir\u00e1nyelvek - K\u0151r\u00f6shegyf\u00e9m Bt.","og_description":"A ker\u00edt\u00e9spark 3D ker\u00edt\u00e9selemek, betonl\u00e1bazat, oszlopok, kieg\u00e9sz\u00edt\u0151k, tekercses dr\u00f3tfonatok \u00e9s kapuk\u00e9sz\u00edt\u00e9ssel foglalkozik.","og_url":"https:\/\/koroshegyfem.hu\/index.php\/adatvedelmi-iranyelvek\/","og_site_name":"K\u0151r\u00f6shegyf\u00e9m Bt.","article_modified_time":"2020-01-15T11:59:16+00:00","twitter_card":"summary_large_image","twitter_misc":{"Becs\u00fclt olvas\u00e1si id\u0151":"13 perc"},"schema":{"@context":"https:\/\/schema.org","@graph":[{"@type":"WebPage","@id":"https:\/\/koroshegyfem.hu\/index.php\/adatvedelmi-iranyelvek\/","url":"https:\/\/koroshegyfem.hu\/index.php\/adatvedelmi-iranyelvek\/","name":"Adatv\u00e9delmi ir\u00e1nyelvek - K\u0151r\u00f6shegyf\u00e9m Bt.","isPartOf":{"@id":"https:\/\/koroshegyfem.hu\/#website"},"datePublished":"2020-01-15T07:38:34+00:00","dateModified":"2020-01-15T11:59:16+00:00","description":"A ker\u00edt\u00e9spark 3D ker\u00edt\u00e9selemek, betonl\u00e1bazat, oszlopok, kieg\u00e9sz\u00edt\u0151k, tekercses dr\u00f3tfonatok \u00e9s kapuk\u00e9sz\u00edt\u00e9ssel foglalkozik.","breadcrumb":{"@id":"https:\/\/koroshegyfem.hu\/index.php\/adatvedelmi-iranyelvek\/#breadcrumb"},"inLanguage":"hu","potentialAction":[{"@type":"ReadAction","target":["https:\/\/koroshegyfem.hu\/index.php\/adatvedelmi-iranyelvek\/"]}]},{"@type":"BreadcrumbList","@id":"https:\/\/koroshegyfem.hu\/index.php\/adatvedelmi-iranyelvek\/#breadcrumb","itemListElement":[{"@type":"ListItem","position":1,"name":"Kezd\u0151lap","item":"https:\/\/koroshegyfem.hu\/"},{"@type":"ListItem","position":2,"name":"Adatv\u00e9delmi ir\u00e1nyelvek"}]},{"@type":"WebSite","@id":"https:\/\/koroshegyfem.hu\/#website","url":"https:\/\/koroshegyfem.hu\/","name":"K\u0151r\u00f6shegyf\u00e9m Bt.","description":"8617 K\u00f6r\u00f6shegy","potentialAction":[{"@type":"SearchAction","target":{"@type":"EntryPoint","urlTemplate":"https:\/\/koroshegyfem.hu\/?s={search_term_string}"},"query-input":{"@type":"PropertyValueSpecification","valueRequired":true,"valueName":"search_term_string"}}],"inLanguage":"hu"}]}},"_links":{"self":[{"href":"https:\/\/koroshegyfem.hu\/index.php\/wp-json\/wp\/v2\/pages\/632","targetHints":{"allow":["GET"]}}],"collection":[{"href":"https:\/\/koroshegyfem.hu\/index.php\/wp-json\/wp\/v2\/pages"}],"about":[{"href":"https:\/\/koroshegyfem.hu\/index.php\/wp-json\/wp\/v2\/types\/page"}],"author":[{"embeddable":true,"href":"https:\/\/koroshegyfem.hu\/index.php\/wp-json\/wp\/v2\/users\/1"}],"replies":[{"embeddable":true,"href":"https:\/\/koroshegyfem.hu\/index.php\/wp-json\/wp\/v2\/comments?post=632"}],"version-history":[{"count":5,"href":"https:\/\/koroshegyfem.hu\/index.php\/wp-json\/wp\/v2\/pages\/632\/revisions"}],"predecessor-version":[{"id":706,"href":"https:\/\/koroshegyfem.hu\/index.php\/wp-json\/wp\/v2\/pages\/632\/revisions\/706"}],"wp:attachment":[{"href":"https:\/\/koroshegyfem.hu\/index.php\/wp-json\/wp\/v2\/media?parent=632"}],"curies":[{"name":"wp","href":"https:\/\/api.w.org\/{rel}","templated":true}]}}